{"id":46,"date":"2020-08-20T18:08:41","date_gmt":"2020-08-20T18:08:41","guid":{"rendered":"https:\/\/celebikurye.com\/tr\/?page_id=46"},"modified":"2022-04-25T15:09:06","modified_gmt":"2022-04-25T12:09:06","slug":"kurye-hakkinda-yazilar","status":"publish","type":"page","link":"https:\/\/celebikurye.com\/tr\/kurye-hakkinda-yazilar\/","title":{"rendered":"Blog"},"content":{"rendered":"<div class=\"fusion-fullwidth fullwidth-box fusion-builder-row-1 fusion-flex-container nonhundred-percent-fullwidth non-hundred-percent-height-scrolling\" style=\"--awb-border-radius-top-left:0px;--awb-border-radius-top-right:0px;--awb-border-radius-bottom-right:0px;--awb-border-radius-bottom-left:0px;--awb-padding-top:80px;--awb-padding-bottom:40px;--awb-padding-top-small:30px;--awb-padding-bottom-small:0px;--awb-flex-wrap:wrap;\" ><div class=\"fusion-builder-row fusion-row fusion-flex-align-items-flex-start fusion-flex-justify-content-center fusion-flex-content-wrap\" style=\"max-width:1310.4px;margin-left: calc(-4% \/ 2 );margin-right: calc(-4% \/ 2 );\"><div class=\"fusion-layout-column fusion_builder_column fusion-builder-column-0 fusion_builder_column_3_4 3_4 fusion-flex-column\" style=\"--awb-bg-size:cover;--awb-width-large:75%;--awb-margin-top-large:20px;--awb-spacing-right-large:2.56%;--awb-margin-bottom-large:0px;--awb-spacing-left-large:2.56%;--awb-width-medium:75%;--awb-order-medium:0;--awb-spacing-right-medium:2.56%;--awb-spacing-left-medium:2.56%;--awb-width-small:100%;--awb-order-small:0;--awb-spacing-right-small:1.92%;--awb-spacing-left-small:1.92%;\"><div class=\"fusion-column-wrapper fusion-column-has-shadow fusion-flex-justify-content-flex-start fusion-content-layout-column\"><div class=\"fusion-blog-shortcode fusion-blog-shortcode-1 fusion-blog-archive fusion-blog-layout-grid-wrapper fusion-blog-pagination fusion-blog-layout-center\"><style type=\"text\/css\">.fusion-blog-shortcode-1 .fusion-blog-layout-grid .fusion-post-grid{padding:10px;}.fusion-blog-shortcode-1 .fusion-posts-container{margin-left: -10px !important; margin-right:-10px !important;}<\/style><div class=\"fusion-posts-container fusion-posts-container-pagination fusion-no-meta-info fusion-blog-rollover fusion-blog-layout-grid fusion-blog-layout-grid-2 isotope fusion-blog-equal-heights\" data-pages=\"3\" data-grid-col-space=\"20\" style=\"margin: -10px -10px 0;min-height:500px;\"><article id=\"blog-1-post-2450\" class=\"fusion-post-grid post-2450 post type-post status-publish format-standard has-post-thumbnail hentry category-istanbul-kurye-ilceleri tag-bayrampasa tag-eminonu tag-eyup-sultan tag-gaziosmanpasa\">\n<div class=\"fusion-post-wrapper\" style=\"background-color:rgba(255,255,255,0);border:none;\">\n\n\t\t\t<div class=\"fusion-flexslider flexslider fusion-flexslider-loading fusion-post-slideshow\" style=\"border-color:rgba(255,255,255,0);\">\n\t\t<ul class=\"slides\">\n\t\t\t\n\t\t\t\t\t\t\t\t\t\t\t\t\t\t<li><div  class=\"fusion-image-wrapper\" aria-haspopup=\"true\">\n\t\t\t\t<img decoding=\"async\" width=\"800\" height=\"500\" src=\"https:\/\/celebikurye.com\/tr\/wp-content\/uploads\/2022\/10\/eyup-te-kurye-cagir.jpg\" class=\"attachment-full size-full lazyload wp-post-image\" alt=\"\" srcset=\"data:image\/svg+xml,%3Csvg%20xmlns%3D%27http%3A%2F%2Fwww.w3.org%2F2000%2Fsvg%27%20width%3D%27800%27%20height%3D%27500%27%20viewBox%3D%270%200%20800%20500%27%3E%3Crect%20width%3D%27800%27%20height%3D%27500%27%20fill-opacity%3D%220%22%2F%3E%3C%2Fsvg%3E\" data-orig-src=\"https:\/\/celebikurye.com\/tr\/wp-content\/uploads\/2022\/10\/eyup-te-kurye-cagir.jpg\" data-srcset=\"https:\/\/celebikurye.com\/tr\/wp-content\/uploads\/2022\/10\/eyup-te-kurye-cagir-200x125.jpg 200w, https:\/\/celebikurye.com\/tr\/wp-content\/uploads\/2022\/10\/eyup-te-kurye-cagir-400x250.jpg 400w, https:\/\/celebikurye.com\/tr\/wp-content\/uploads\/2022\/10\/eyup-te-kurye-cagir-600x375.jpg 600w, https:\/\/celebikurye.com\/tr\/wp-content\/uploads\/2022\/10\/eyup-te-kurye-cagir.jpg 800w\" data-sizes=\"auto\" \/><div class=\"fusion-rollover\">\n\t<div class=\"fusion-rollover-content\">\n\n\t\t\t\t\n\t\t\n\t\t\t\t\t\t\t\t\n\t\t\t\t\t\t\t\t\n\t\t\n\t\t\t\t\t\t<a class=\"fusion-link-wrapper\" href=\"https:\/\/celebikurye.com\/tr\/istanbul-kurye-ilceleri\/eyup-sultan-istanbul-un-eski-merkezidir\/\" aria-label=\"Ey\u00fcp Sultan \u0130stanbul&#8217; un eski merkezidir.\"><\/a>\n\t<\/div>\n<\/div>\n<\/div>\n<\/li>\n\t\t\t\n\t\t\t\n\t\t\t\t\t\t\t\t\t\t\t\t\t\t\t\t\t\t\t\t\t\t\t\t\t\t\t\t\t\t\t\t\t\t\t\t\t\t\t\t\t\t\t\t\t\t\t\t\t\t\t\t\t\t\t\t\t\t\t\t\t\t\t\t\t\t\t\t<\/ul>\n\t<\/div>\n\t<div class=\"fusion-post-content-wrapper\" style=\"padding:30px 25px 0px 30px;\"><div class=\"fusion-post-content post-content\"><h2 class=\"blog-shortcode-post-title entry-title\"><a href=\"https:\/\/celebikurye.com\/tr\/istanbul-kurye-ilceleri\/eyup-sultan-istanbul-un-eski-merkezidir\/\">Ey\u00fcp Sultan \u0130stanbul&#8217; un eski merkezidir.<\/a><\/h2><div class=\"fusion-post-content-container\"><p>Ey\u00fcp Sultan tepelerinde geni\u015f\u00e7e yay\u0131lm\u0131\u015f vaziyette duran ve ad\u0131n\u0131 Frans\u0131z yazar Pierre Loti'den alan bir k\u0131r kahvesi vard\u0131r. Hali\u00e7 \u00fczerinde \u015fahane bir manzaraya sahiptir<\/p><\/div><\/div><\/div><div class=\"fusion-clearfix\"><\/div><\/div>\n<\/article>\n<article id=\"blog-1-post-2446\" class=\"fusion-post-grid post-2446 post type-post status-publish format-standard has-post-thumbnail hentry category-istanbul-kurye-ilceleri tag-kartal-da-kurye tag-pendik-kurye tag-sancaktepe-kurye\">\n<div class=\"fusion-post-wrapper\" style=\"background-color:rgba(255,255,255,0);border:none;\">\n\n\t\t\t<div class=\"fusion-flexslider flexslider fusion-flexslider-loading fusion-post-slideshow\" style=\"border-color:rgba(255,255,255,0);\">\n\t\t<ul class=\"slides\">\n\t\t\t\n\t\t\t\t\t\t\t\t\t\t\t\t\t\t<li><div  class=\"fusion-image-wrapper\" aria-haspopup=\"true\">\n\t\t\t\t<img decoding=\"async\" width=\"800\" height=\"500\" src=\"https:\/\/celebikurye.com\/tr\/wp-content\/uploads\/2022\/10\/sancaktepe-de-kurye-cagir.jpg\" class=\"attachment-full size-full lazyload wp-post-image\" alt=\"\" srcset=\"data:image\/svg+xml,%3Csvg%20xmlns%3D%27http%3A%2F%2Fwww.w3.org%2F2000%2Fsvg%27%20width%3D%27800%27%20height%3D%27500%27%20viewBox%3D%270%200%20800%20500%27%3E%3Crect%20width%3D%27800%27%20height%3D%27500%27%20fill-opacity%3D%220%22%2F%3E%3C%2Fsvg%3E\" data-orig-src=\"https:\/\/celebikurye.com\/tr\/wp-content\/uploads\/2022\/10\/sancaktepe-de-kurye-cagir.jpg\" data-srcset=\"https:\/\/celebikurye.com\/tr\/wp-content\/uploads\/2022\/10\/sancaktepe-de-kurye-cagir-200x125.jpg 200w, https:\/\/celebikurye.com\/tr\/wp-content\/uploads\/2022\/10\/sancaktepe-de-kurye-cagir-400x250.jpg 400w, https:\/\/celebikurye.com\/tr\/wp-content\/uploads\/2022\/10\/sancaktepe-de-kurye-cagir-600x375.jpg 600w, https:\/\/celebikurye.com\/tr\/wp-content\/uploads\/2022\/10\/sancaktepe-de-kurye-cagir.jpg 800w\" data-sizes=\"auto\" \/><div class=\"fusion-rollover\">\n\t<div class=\"fusion-rollover-content\">\n\n\t\t\t\t\n\t\t\n\t\t\t\t\t\t\t\t\n\t\t\t\t\t\t\t\t\n\t\t\n\t\t\t\t\t\t<a class=\"fusion-link-wrapper\" href=\"https:\/\/celebikurye.com\/tr\/istanbul-kurye-ilceleri\/sancaktepe-den-kurye-cagirmak-istermisiniz\/\" aria-label=\"Sancaktepe&#8217;den kurye \u00e7a\u011f\u0131rmak istermisiniz?\"><\/a>\n\t<\/div>\n<\/div>\n<\/div>\n<\/li>\n\t\t\t\n\t\t\t\n\t\t\t\t\t\t\t\t\t\t\t\t\t\t\t\t\t\t\t\t\t\t\t\t\t\t\t\t\t\t\t\t\t\t\t\t\t\t\t\t\t\t\t\t\t\t\t\t\t\t\t\t\t\t\t\t\t\t\t\t\t\t\t\t\t\t\t\t<\/ul>\n\t<\/div>\n\t<div class=\"fusion-post-content-wrapper\" style=\"padding:30px 25px 0px 30px;\"><div class=\"fusion-post-content post-content\"><h2 class=\"blog-shortcode-post-title entry-title\"><a href=\"https:\/\/celebikurye.com\/tr\/istanbul-kurye-ilceleri\/sancaktepe-den-kurye-cagirmak-istermisiniz\/\">Sancaktepe&#8217;den kurye \u00e7a\u011f\u0131rmak istermisiniz?<\/a><\/h2><div class=\"fusion-post-content-container\"><p>\u0130stanbul' un en yeni il\u00e7elerinden Sancaktepe her ge\u00e7en g\u00fcn b\u00fcy\u00fcyor. B\u00f6lgede yap\u0131lmakta olan yeni yerle\u015fim siteleri n\u00fcfusu b\u00fcy\u00fct\u00fcyor. \u00d6zellikle bireysel kurye kullan\u0131m\u0131nda rakamlar her ge\u00e7en g\u00fcn art\u0131yor. Bu y\u00fczden sizde Sancak tepe den kurye \u00e7a\u011f\u0131rmak isterseniz bizi kullanabilirsiniz.<\/p><\/div><\/div><\/div><div class=\"fusion-clearfix\"><\/div><\/div>\n<\/article>\n<article id=\"blog-1-post-2417\" class=\"fusion-post-grid post-2417 post type-post status-publish format-standard has-post-thumbnail hentry category-istanbul-kurye-ilceleri tag-istanbul-park-kurye tag-kurtkoy-kurye tag-pendik-kurye tag-viaport-kurye\">\n<div class=\"fusion-post-wrapper\" style=\"background-color:rgba(255,255,255,0);border:none;\">\n\n\t\t\t<div class=\"fusion-flexslider flexslider fusion-flexslider-loading fusion-post-slideshow\" style=\"border-color:rgba(255,255,255,0);\">\n\t\t<ul class=\"slides\">\n\t\t\t\n\t\t\t\t\t\t\t\t\t\t\t\t\t\t<li><div  class=\"fusion-image-wrapper\" aria-haspopup=\"true\">\n\t\t\t\t<img decoding=\"async\" width=\"800\" height=\"500\" src=\"https:\/\/celebikurye.com\/tr\/wp-content\/uploads\/2022\/08\/pendik-te-kurye-cagir.jpg\" class=\"attachment-full size-full lazyload wp-post-image\" alt=\"\" srcset=\"data:image\/svg+xml,%3Csvg%20xmlns%3D%27http%3A%2F%2Fwww.w3.org%2F2000%2Fsvg%27%20width%3D%27800%27%20height%3D%27500%27%20viewBox%3D%270%200%20800%20500%27%3E%3Crect%20width%3D%27800%27%20height%3D%27500%27%20fill-opacity%3D%220%22%2F%3E%3C%2Fsvg%3E\" data-orig-src=\"https:\/\/celebikurye.com\/tr\/wp-content\/uploads\/2022\/08\/pendik-te-kurye-cagir.jpg\" data-srcset=\"https:\/\/celebikurye.com\/tr\/wp-content\/uploads\/2022\/08\/pendik-te-kurye-cagir-200x125.jpg 200w, https:\/\/celebikurye.com\/tr\/wp-content\/uploads\/2022\/08\/pendik-te-kurye-cagir-400x250.jpg 400w, https:\/\/celebikurye.com\/tr\/wp-content\/uploads\/2022\/08\/pendik-te-kurye-cagir-600x375.jpg 600w, https:\/\/celebikurye.com\/tr\/wp-content\/uploads\/2022\/08\/pendik-te-kurye-cagir.jpg 800w\" data-sizes=\"auto\" \/><div class=\"fusion-rollover\">\n\t<div class=\"fusion-rollover-content\">\n\n\t\t\t\t\n\t\t\n\t\t\t\t\t\t\t\t\n\t\t\t\t\t\t\t\t\n\t\t\n\t\t\t\t\t\t<a class=\"fusion-link-wrapper\" href=\"https:\/\/celebikurye.com\/tr\/istanbul-kurye-ilceleri\/pendik-te-kurye\/\" aria-label=\"Pendik te kurye\"><\/a>\n\t<\/div>\n<\/div>\n<\/div>\n<\/li>\n\t\t\t\n\t\t\t\n\t\t\t\t\t\t\t\t\t\t\t\t\t\t\t\t\t\t\t\t\t\t\t\t\t\t\t\t\t\t\t\t\t\t\t\t\t\t\t\t\t\t\t\t\t\t\t\t\t\t\t\t\t\t\t\t\t\t\t\t\t\t\t\t\t\t\t\t<\/ul>\n\t<\/div>\n\t<div class=\"fusion-post-content-wrapper\" style=\"padding:30px 25px 0px 30px;\"><div class=\"fusion-post-content post-content\"><h2 class=\"blog-shortcode-post-title entry-title\"><a href=\"https:\/\/celebikurye.com\/tr\/istanbul-kurye-ilceleri\/pendik-te-kurye\/\">Pendik te kurye<\/a><\/h2><div class=\"fusion-post-content-container\"><p>Pendik te kurye  D100 karayolu nun ikiye b\u00f6ld\u00fc\u011f\u00fc kalabal\u0131k il\u00e7elerden biridir. \u0130stanbul dan Anadolu ya giderken mutlaka i\u00e7inden ge\u00e7ilir. Yak\u0131n zamanda yap\u0131lan hastane ve siteler le trafi\u011fi ve n\u00fcfusu artm\u0131\u015ft\u0131r. G\u00fcn\u00fcn hemen her saati trafi\u011fin yo\u011fun oldu\u011fu il\u00e7elerdendir. <\/p><\/div><\/div><\/div><div class=\"fusion-clearfix\"><\/div><\/div>\n<\/article>\n<article id=\"blog-1-post-2437\" class=\"fusion-post-grid post-2437 post type-post status-publish format-standard has-post-thumbnail hentry category-istanbul-kurye-ilceleri tag-alemdag-kurye tag-aydinlar-kurye tag-beykoz-kurye tag-camlik-kurye tag-catalmese-kurye tag-cumhuriyet-kurye tag-eksioglu-kurye tag-gungoren-kurye tag-hamidiye-kurye tag-kirazli-dere-kurye tag-mehmet-akif-mahallesi-kurye tag-merkez-kurye tag-mimar-sinan-mahallesi-kurye tag-nisantepe-kurye tag-omerli-kurye tag-sancaktepe-kurye tag-sile-kurye tag-sogukpinar-kurye tag-sultanciftligi-kurye tag-tasdelen-kurye tag-umraniye-kurye\">\n<div class=\"fusion-post-wrapper\" style=\"background-color:rgba(255,255,255,0);border:none;\">\n\n\t\t\t<div class=\"fusion-flexslider flexslider fusion-flexslider-loading fusion-post-slideshow\" style=\"border-color:rgba(255,255,255,0);\">\n\t\t<ul class=\"slides\">\n\t\t\t\n\t\t\t\t\t\t\t\t\t\t\t\t\t\t<li><div  class=\"fusion-image-wrapper\" aria-haspopup=\"true\">\n\t\t\t\t<img decoding=\"async\" width=\"800\" height=\"500\" src=\"https:\/\/celebikurye.com\/tr\/wp-content\/uploads\/2022\/09\/cekmekoy_de-kurye-cagir.jpg\" class=\"attachment-full size-full lazyload wp-post-image\" alt=\"\" srcset=\"data:image\/svg+xml,%3Csvg%20xmlns%3D%27http%3A%2F%2Fwww.w3.org%2F2000%2Fsvg%27%20width%3D%27800%27%20height%3D%27500%27%20viewBox%3D%270%200%20800%20500%27%3E%3Crect%20width%3D%27800%27%20height%3D%27500%27%20fill-opacity%3D%220%22%2F%3E%3C%2Fsvg%3E\" data-orig-src=\"https:\/\/celebikurye.com\/tr\/wp-content\/uploads\/2022\/09\/cekmekoy_de-kurye-cagir.jpg\" data-srcset=\"https:\/\/celebikurye.com\/tr\/wp-content\/uploads\/2022\/09\/cekmekoy_de-kurye-cagir-200x125.jpg 200w, https:\/\/celebikurye.com\/tr\/wp-content\/uploads\/2022\/09\/cekmekoy_de-kurye-cagir-400x250.jpg 400w, https:\/\/celebikurye.com\/tr\/wp-content\/uploads\/2022\/09\/cekmekoy_de-kurye-cagir-600x375.jpg 600w, https:\/\/celebikurye.com\/tr\/wp-content\/uploads\/2022\/09\/cekmekoy_de-kurye-cagir.jpg 800w\" data-sizes=\"auto\" \/><div class=\"fusion-rollover\">\n\t<div class=\"fusion-rollover-content\">\n\n\t\t\t\t\n\t\t\n\t\t\t\t\t\t\t\t\n\t\t\t\t\t\t\t\t\n\t\t\n\t\t\t\t\t\t<a class=\"fusion-link-wrapper\" href=\"https:\/\/celebikurye.com\/tr\/istanbul-kurye-ilceleri\/cekmekoy-den-kurye-cagirabilirsiniz\/\" aria-label=\"\u00c7ekmek\u00f6y den kurye \u00e7a\u011f\u0131rabilirsiniz\"><\/a>\n\t<\/div>\n<\/div>\n<\/div>\n<\/li>\n\t\t\t\n\t\t\t\n\t\t\t\t\t\t\t\t\t\t\t\t\t\t\t\t\t\t\t\t\t\t\t\t\t\t\t\t\t\t\t\t\t\t\t\t\t\t\t\t\t\t\t\t\t\t\t\t\t\t\t\t\t\t\t\t\t\t\t\t\t\t\t\t\t\t\t\t<\/ul>\n\t<\/div>\n\t<div class=\"fusion-post-content-wrapper\" style=\"padding:30px 25px 0px 30px;\"><div class=\"fusion-post-content post-content\"><h2 class=\"blog-shortcode-post-title entry-title\"><a href=\"https:\/\/celebikurye.com\/tr\/istanbul-kurye-ilceleri\/cekmekoy-den-kurye-cagirabilirsiniz\/\">\u00c7ekmek\u00f6y den kurye \u00e7a\u011f\u0131rabilirsiniz<\/a><\/h2><div class=\"fusion-post-content-container\"><p>\u00c7ekmek\u00f6y den kurye \u00e7a\u011f\u0131rabilirsiniz. Bu talebinizi zamana ba\u011fl\u0131 olmadan yapabilirsiniz. \u00c7elebi kurye olarak b\u00f6lgede her daim n\u00f6bet\u00e7i kurye bulundurmaktay\u0131z. En iyi hizmeti verebilmek i\u00e7in en do\u011fru \u015fekilde \u00e7al\u0131\u015f\u0131yoruz.<\/p><\/div><\/div><\/div><div class=\"fusion-clearfix\"><\/div><\/div>\n<\/article>\n<article id=\"blog-1-post-2441\" class=\"fusion-post-grid post-2441 post type-post status-publish format-standard has-post-thumbnail hentry category-istanbul-kurye-ilceleri tag-bayrampasa-kurye tag-esenler-kurye tag-gaziosmanpasa-kurye tag-sultangazi-kurye\">\n<div class=\"fusion-post-wrapper\" style=\"background-color:rgba(255,255,255,0);border:none;\">\n\n\t\t\t<div class=\"fusion-flexslider flexslider fusion-flexslider-loading fusion-post-slideshow\" style=\"border-color:rgba(255,255,255,0);\">\n\t\t<ul class=\"slides\">\n\t\t\t\n\t\t\t\t\t\t\t\t\t\t\t\t\t\t<li><div  class=\"fusion-image-wrapper\" aria-haspopup=\"true\">\n\t\t\t\t<img decoding=\"async\" width=\"800\" height=\"500\" src=\"https:\/\/celebikurye.com\/tr\/wp-content\/uploads\/2022\/09\/esenler-den-kurye-gonderisi-yapilir.jpg\" class=\"attachment-full size-full lazyload wp-post-image\" alt=\"\" srcset=\"data:image\/svg+xml,%3Csvg%20xmlns%3D%27http%3A%2F%2Fwww.w3.org%2F2000%2Fsvg%27%20width%3D%27800%27%20height%3D%27500%27%20viewBox%3D%270%200%20800%20500%27%3E%3Crect%20width%3D%27800%27%20height%3D%27500%27%20fill-opacity%3D%220%22%2F%3E%3C%2Fsvg%3E\" data-orig-src=\"https:\/\/celebikurye.com\/tr\/wp-content\/uploads\/2022\/09\/esenler-den-kurye-gonderisi-yapilir.jpg\" data-srcset=\"https:\/\/celebikurye.com\/tr\/wp-content\/uploads\/2022\/09\/esenler-den-kurye-gonderisi-yapilir-200x125.jpg 200w, https:\/\/celebikurye.com\/tr\/wp-content\/uploads\/2022\/09\/esenler-den-kurye-gonderisi-yapilir-400x250.jpg 400w, https:\/\/celebikurye.com\/tr\/wp-content\/uploads\/2022\/09\/esenler-den-kurye-gonderisi-yapilir-600x375.jpg 600w, https:\/\/celebikurye.com\/tr\/wp-content\/uploads\/2022\/09\/esenler-den-kurye-gonderisi-yapilir.jpg 800w\" data-sizes=\"auto\" \/><div class=\"fusion-rollover\">\n\t<div class=\"fusion-rollover-content\">\n\n\t\t\t\t\n\t\t\n\t\t\t\t\t\t\t\t\n\t\t\t\t\t\t\t\t\n\t\t\n\t\t\t\t\t\t<a class=\"fusion-link-wrapper\" href=\"https:\/\/celebikurye.com\/tr\/istanbul-kurye-ilceleri\/esenlere-kurye-gonderisi\/\" aria-label=\"Esenlere kurye g\u00f6nderisi yap\u0131l\u0131r\"><\/a>\n\t<\/div>\n<\/div>\n<\/div>\n<\/li>\n\t\t\t\n\t\t\t\n\t\t\t\t\t\t\t\t\t\t\t\t\t\t\t\t\t\t\t\t\t\t\t\t\t\t\t\t\t\t\t\t\t\t\t\t\t\t\t\t\t\t\t\t\t\t\t\t\t\t\t\t\t\t\t\t\t\t\t\t\t\t\t\t\t\t\t\t<\/ul>\n\t<\/div>\n\t<div class=\"fusion-post-content-wrapper\" style=\"padding:30px 25px 0px 30px;\"><div class=\"fusion-post-content post-content\"><h2 class=\"blog-shortcode-post-title entry-title\"><a href=\"https:\/\/celebikurye.com\/tr\/istanbul-kurye-ilceleri\/esenlere-kurye-gonderisi\/\">Esenlere kurye g\u00f6nderisi yap\u0131l\u0131r<\/a><\/h2><div class=\"fusion-post-content-container\"><p>Evet, Esenlere kurye g\u00f6nderisi yap\u0131l\u0131r. Kolay ula\u015f\u0131m\u0131 ve nispeten k\u00fc\u00e7\u00fck alan\u0131 ile trafikten m\u00fcmk\u00fcn oldu\u011funca az etkilenmek m\u00fcmk\u00fcnd\u00fcr. Kurye ler i\u00e7in ge\u00e7i\u015f g\u00fczergah\u0131nda olmas\u0131 Esenler e kurye g\u00f6nderisi yap\u0131l\u0131r c\u00fcmlesini do\u011frulamaktad\u0131r.<\/p><\/div><\/div><\/div><div class=\"fusion-clearfix\"><\/div><\/div>\n<\/article>\n<article id=\"blog-1-post-2423\" class=\"fusion-post-grid post-2423 post type-post status-publish format-standard has-post-thumbnail hentry category-istanbul-kurye-ilceleri tag-altin-sehir-kurye tag-armagan-evler-kurye tag-asagi-dudullu-kurye tag-atakent-kurye tag-cakmak-kurye tag-camlik-kurye tag-dudullu-kurye tag-elmali-kent-kurye tag-esen-evler-kurye tag-esen-kent-kurye tag-esen-sehir-kurye tag-finanskent-kurye tag-hekim-basi-kurye tag-huzur-kurye tag-ihlamur-kuyu-kurye tag-inkilap-kurye tag-madenler-kurye tag-osb-kurye tag-parseller-kurye tag-saray-kurye tag-serif-ali-kurye tag-site-kurye tag-tantavi-kurye tag-tatlisu-kurye tag-tepe-ustu-kurye tag-top-agaci-kurye tag-umraniye-kurye tag-yaman-evler-kurye tag-yeni-sehir-kurye tag-yukari-dudullu-kurye\">\n<div class=\"fusion-post-wrapper\" style=\"background-color:rgba(255,255,255,0);border:none;\">\n\n\t\t\t<div class=\"fusion-flexslider flexslider fusion-flexslider-loading fusion-post-slideshow\" style=\"border-color:rgba(255,255,255,0);\">\n\t\t<ul class=\"slides\">\n\t\t\t\n\t\t\t\t\t\t\t\t\t\t\t\t\t\t<li><div  class=\"fusion-image-wrapper\" aria-haspopup=\"true\">\n\t\t\t\t<img decoding=\"async\" width=\"800\" height=\"500\" src=\"https:\/\/celebikurye.com\/tr\/wp-content\/uploads\/2022\/08\/umraniye-de-kurye-cagir.jpg\" class=\"attachment-full size-full lazyload wp-post-image\" alt=\"\" srcset=\"data:image\/svg+xml,%3Csvg%20xmlns%3D%27http%3A%2F%2Fwww.w3.org%2F2000%2Fsvg%27%20width%3D%27800%27%20height%3D%27500%27%20viewBox%3D%270%200%20800%20500%27%3E%3Crect%20width%3D%27800%27%20height%3D%27500%27%20fill-opacity%3D%220%22%2F%3E%3C%2Fsvg%3E\" data-orig-src=\"https:\/\/celebikurye.com\/tr\/wp-content\/uploads\/2022\/08\/umraniye-de-kurye-cagir.jpg\" data-srcset=\"https:\/\/celebikurye.com\/tr\/wp-content\/uploads\/2022\/08\/umraniye-de-kurye-cagir-200x125.jpg 200w, https:\/\/celebikurye.com\/tr\/wp-content\/uploads\/2022\/08\/umraniye-de-kurye-cagir-400x250.jpg 400w, https:\/\/celebikurye.com\/tr\/wp-content\/uploads\/2022\/08\/umraniye-de-kurye-cagir-600x375.jpg 600w, https:\/\/celebikurye.com\/tr\/wp-content\/uploads\/2022\/08\/umraniye-de-kurye-cagir.jpg 800w\" data-sizes=\"auto\" \/><div class=\"fusion-rollover\">\n\t<div class=\"fusion-rollover-content\">\n\n\t\t\t\t\n\t\t\n\t\t\t\t\t\t\t\t\n\t\t\t\t\t\t\t\t\n\t\t\n\t\t\t\t\t\t<a class=\"fusion-link-wrapper\" href=\"https:\/\/celebikurye.com\/tr\/istanbul-kurye-ilceleri\/umraniye-de-kurye\/\" aria-label=\"\u00dcmraniye de Kurye\"><\/a>\n\t<\/div>\n<\/div>\n<\/div>\n<\/li>\n\t\t\t\n\t\t\t\n\t\t\t\t\t\t\t\t\t\t\t\t\t\t\t\t\t\t\t\t\t\t\t\t\t\t\t\t\t\t\t\t\t\t\t\t\t\t\t\t\t\t\t\t\t\t\t\t\t\t\t\t\t\t\t\t\t\t\t\t\t\t\t\t\t\t\t\t<\/ul>\n\t<\/div>\n\t<div class=\"fusion-post-content-wrapper\" style=\"padding:30px 25px 0px 30px;\"><div class=\"fusion-post-content post-content\"><h2 class=\"blog-shortcode-post-title entry-title\"><a href=\"https:\/\/celebikurye.com\/tr\/istanbul-kurye-ilceleri\/umraniye-de-kurye\/\">\u00dcmraniye de Kurye<\/a><\/h2><div class=\"fusion-post-content-container\"><p>\u00dcmraniye de \u00c7akmak dudullu \u0131hlamur kuyu \u00f6nemli noktalard\u0131r. \u00d6yleki bu noktalar kurye \u00e7a\u011f\u0131r\u0131rken \u00dcmraniye isminin \u00f6n\u00fcne ge\u00e7ebilmektedir.<\/p><\/div><\/div><\/div><div class=\"fusion-clearfix\"><\/div><\/div>\n<\/article>\n<article id=\"blog-1-post-2432\" class=\"fusion-post-grid post-2432 post type-post status-publish format-standard has-post-thumbnail hentry category-istanbul-kurye-ilceleri tag-anadolu-feneri-kurye tag-anadolu-hisari-kurye tag-anadolu-kavagi-kurye tag-beykoz-kurye tag-cekmekoy-kurye tag-poyraz-koy-kurye tag-riva-kurye tag-sile-kurye tag-umraniye-kurye\">\n<div class=\"fusion-post-wrapper\" style=\"background-color:rgba(255,255,255,0);border:none;\">\n\n\t\t\t<div class=\"fusion-flexslider flexslider fusion-flexslider-loading fusion-post-slideshow\" style=\"border-color:rgba(255,255,255,0);\">\n\t\t<ul class=\"slides\">\n\t\t\t\n\t\t\t\t\t\t\t\t\t\t\t\t\t\t<li><div  class=\"fusion-image-wrapper\" aria-haspopup=\"true\">\n\t\t\t\t<img decoding=\"async\" width=\"800\" height=\"500\" src=\"https:\/\/celebikurye.com\/tr\/wp-content\/uploads\/2022\/09\/beykoz-da-kurye-cagir.jpg\" class=\"attachment-full size-full lazyload wp-post-image\" alt=\"\" srcset=\"data:image\/svg+xml,%3Csvg%20xmlns%3D%27http%3A%2F%2Fwww.w3.org%2F2000%2Fsvg%27%20width%3D%27800%27%20height%3D%27500%27%20viewBox%3D%270%200%20800%20500%27%3E%3Crect%20width%3D%27800%27%20height%3D%27500%27%20fill-opacity%3D%220%22%2F%3E%3C%2Fsvg%3E\" data-orig-src=\"https:\/\/celebikurye.com\/tr\/wp-content\/uploads\/2022\/09\/beykoz-da-kurye-cagir.jpg\" data-srcset=\"https:\/\/celebikurye.com\/tr\/wp-content\/uploads\/2022\/09\/beykoz-da-kurye-cagir-200x125.jpg 200w, https:\/\/celebikurye.com\/tr\/wp-content\/uploads\/2022\/09\/beykoz-da-kurye-cagir-400x250.jpg 400w, https:\/\/celebikurye.com\/tr\/wp-content\/uploads\/2022\/09\/beykoz-da-kurye-cagir-600x375.jpg 600w, https:\/\/celebikurye.com\/tr\/wp-content\/uploads\/2022\/09\/beykoz-da-kurye-cagir.jpg 800w\" data-sizes=\"auto\" \/><div class=\"fusion-rollover\">\n\t<div class=\"fusion-rollover-content\">\n\n\t\t\t\t\n\t\t\n\t\t\t\t\t\t\t\t\n\t\t\t\t\t\t\t\t\n\t\t\n\t\t\t\t\t\t<a class=\"fusion-link-wrapper\" href=\"https:\/\/celebikurye.com\/tr\/istanbul-kurye-ilceleri\/beykoz-da-kurye\/\" aria-label=\"Beykoz da Kurye\"><\/a>\n\t<\/div>\n<\/div>\n<\/div>\n<\/li>\n\t\t\t\n\t\t\t\n\t\t\t\t\t\t\t\t\t\t\t\t\t\t\t\t\t\t\t\t\t\t\t\t\t\t\t\t\t\t\t\t\t\t\t\t\t\t\t\t\t\t\t\t\t\t\t\t\t\t\t\t\t\t\t\t\t\t\t\t\t\t\t\t\t\t\t\t<\/ul>\n\t<\/div>\n\t<div class=\"fusion-post-content-wrapper\" style=\"padding:30px 25px 0px 30px;\"><div class=\"fusion-post-content post-content\"><h2 class=\"blog-shortcode-post-title entry-title\"><a href=\"https:\/\/celebikurye.com\/tr\/istanbul-kurye-ilceleri\/beykoz-da-kurye\/\">Beykoz da Kurye<\/a><\/h2><div class=\"fusion-post-content-container\"><p>Cumhuriyetin ilk y\u0131llar\u0131ndan itibaren yap\u0131lan sanayi a\u011f\u0131rl\u0131kl\u0131 \u00e7al\u0131\u015fmalar\u0131n etkisiyle fabrikalar\u0131n \u00e7o\u011falmas\u0131 sonucu genelde i\u015f\u00e7i kesimin tercih etti\u011fi yerle\u015fim yeri olan Beykoz da kurye, son y\u0131llarda \u00fcst gelir seviyesi kesimden de talep g\u00f6rmektedir.<\/p><\/div><\/div><\/div><div class=\"fusion-clearfix\"><\/div><\/div>\n<\/article>\n<article id=\"blog-1-post-2427\" class=\"fusion-post-grid post-2427 post type-post status-publish format-standard has-post-thumbnail hentry category-istanbul-kurye-ilceleri\">\n<div class=\"fusion-post-wrapper\" style=\"background-color:rgba(255,255,255,0);border:none;\">\n\n\t\t\t<div class=\"fusion-flexslider flexslider fusion-flexslider-loading fusion-post-slideshow\" style=\"border-color:rgba(255,255,255,0);\">\n\t\t<ul class=\"slides\">\n\t\t\t\n\t\t\t\t\t\t\t\t\t\t\t\t\t\t<li><div  class=\"fusion-image-wrapper\" aria-haspopup=\"true\">\n\t\t\t\t<img decoding=\"async\" width=\"800\" height=\"500\" src=\"https:\/\/celebikurye.com\/tr\/wp-content\/uploads\/2022\/09\/gungoren-de-kurye-cagir.jpg\" class=\"attachment-full size-full lazyload wp-post-image\" alt=\"\" srcset=\"data:image\/svg+xml,%3Csvg%20xmlns%3D%27http%3A%2F%2Fwww.w3.org%2F2000%2Fsvg%27%20width%3D%27800%27%20height%3D%27500%27%20viewBox%3D%270%200%20800%20500%27%3E%3Crect%20width%3D%27800%27%20height%3D%27500%27%20fill-opacity%3D%220%22%2F%3E%3C%2Fsvg%3E\" data-orig-src=\"https:\/\/celebikurye.com\/tr\/wp-content\/uploads\/2022\/09\/gungoren-de-kurye-cagir.jpg\" data-srcset=\"https:\/\/celebikurye.com\/tr\/wp-content\/uploads\/2022\/09\/gungoren-de-kurye-cagir-200x125.jpg 200w, https:\/\/celebikurye.com\/tr\/wp-content\/uploads\/2022\/09\/gungoren-de-kurye-cagir-400x250.jpg 400w, https:\/\/celebikurye.com\/tr\/wp-content\/uploads\/2022\/09\/gungoren-de-kurye-cagir-600x375.jpg 600w, https:\/\/celebikurye.com\/tr\/wp-content\/uploads\/2022\/09\/gungoren-de-kurye-cagir.jpg 800w\" data-sizes=\"auto\" \/><div class=\"fusion-rollover\">\n\t<div class=\"fusion-rollover-content\">\n\n\t\t\t\t\n\t\t\n\t\t\t\t\t\t\t\t\n\t\t\t\t\t\t\t\t\n\t\t\n\t\t\t\t\t\t<a class=\"fusion-link-wrapper\" href=\"https:\/\/celebikurye.com\/tr\/istanbul-kurye-ilceleri\/gungoren-de-kurye\/\" aria-label=\"G\u00fcng\u00f6ren de Kurye\"><\/a>\n\t<\/div>\n<\/div>\n<\/div>\n<\/li>\n\t\t\t\n\t\t\t\n\t\t\t\t\t\t\t\t\t\t\t\t\t\t\t\t\t\t\t\t\t\t\t\t\t\t\t\t\t\t\t\t\t\t\t\t\t\t\t\t\t\t\t\t\t\t\t\t\t\t\t\t\t\t\t\t\t\t\t\t\t\t\t\t\t\t\t\t<\/ul>\n\t<\/div>\n\t<div class=\"fusion-post-content-wrapper\" style=\"padding:30px 25px 0px 30px;\"><div class=\"fusion-post-content post-content\"><h2 class=\"blog-shortcode-post-title entry-title\"><a href=\"https:\/\/celebikurye.com\/tr\/istanbul-kurye-ilceleri\/gungoren-de-kurye\/\">G\u00fcng\u00f6ren de Kurye<\/a><\/h2><div class=\"fusion-post-content-container\"><p>G\u00fcng\u00f6ren kurye, do\u011fuda Zeytinburnu kurye, Esenler kurye g\u00fcneyde Bak\u0131rk\u00f6y kurye, bat\u0131da Bah\u00e7elievler kurye il\u00e7elerine kom\u015fudur. Etraf\u0131nda bulunan kom\u015fu il\u00e7elerde daha fazla sanayile\u015fme bulunmaktad\u0131r.<\/p><\/div><\/div><\/div><div class=\"fusion-clearfix\"><\/div><\/div>\n<\/article>\n<article id=\"blog-1-post-2413\" class=\"fusion-post-grid post-2413 post type-post status-publish format-standard has-post-thumbnail hentry category-istanbul-kurye-ilceleri tag-arnavutkoy-kurye tag-buyukcekmece-kurye tag-catalca-kurye tag-muratbey-kurye tag-silivri-kurye\">\n<div class=\"fusion-post-wrapper\" style=\"background-color:rgba(255,255,255,0);border:none;\">\n\n\t\t\t<div class=\"fusion-flexslider flexslider fusion-flexslider-loading fusion-post-slideshow\" style=\"border-color:rgba(255,255,255,0);\">\n\t\t<ul class=\"slides\">\n\t\t\t\n\t\t\t\t\t\t\t\t\t\t\t\t\t\t<li><div  class=\"fusion-image-wrapper\" aria-haspopup=\"true\">\n\t\t\t\t<img decoding=\"async\" width=\"800\" height=\"500\" src=\"https:\/\/celebikurye.com\/tr\/wp-content\/uploads\/2022\/08\/Catalca_da_hemen_kurye.jpg\" class=\"attachment-full size-full lazyload wp-post-image\" alt=\"\" srcset=\"data:image\/svg+xml,%3Csvg%20xmlns%3D%27http%3A%2F%2Fwww.w3.org%2F2000%2Fsvg%27%20width%3D%27800%27%20height%3D%27500%27%20viewBox%3D%270%200%20800%20500%27%3E%3Crect%20width%3D%27800%27%20height%3D%27500%27%20fill-opacity%3D%220%22%2F%3E%3C%2Fsvg%3E\" data-orig-src=\"https:\/\/celebikurye.com\/tr\/wp-content\/uploads\/2022\/08\/Catalca_da_hemen_kurye.jpg\" data-srcset=\"https:\/\/celebikurye.com\/tr\/wp-content\/uploads\/2022\/08\/Catalca_da_hemen_kurye-200x125.jpg 200w, https:\/\/celebikurye.com\/tr\/wp-content\/uploads\/2022\/08\/Catalca_da_hemen_kurye-400x250.jpg 400w, https:\/\/celebikurye.com\/tr\/wp-content\/uploads\/2022\/08\/Catalca_da_hemen_kurye-600x375.jpg 600w, https:\/\/celebikurye.com\/tr\/wp-content\/uploads\/2022\/08\/Catalca_da_hemen_kurye.jpg 800w\" data-sizes=\"auto\" \/><div class=\"fusion-rollover\">\n\t<div class=\"fusion-rollover-content\">\n\n\t\t\t\t\n\t\t\n\t\t\t\t\t\t\t\t\n\t\t\t\t\t\t\t\t\n\t\t\n\t\t\t\t\t\t<a class=\"fusion-link-wrapper\" href=\"https:\/\/celebikurye.com\/tr\/istanbul-kurye-ilceleri\/catalca-da-kurye\/\" aria-label=\"\u00c7atalca da Kurye\"><\/a>\n\t<\/div>\n<\/div>\n<\/div>\n<\/li>\n\t\t\t\n\t\t\t\n\t\t\t\t\t\t\t\t\t\t\t\t\t\t\t\t\t\t\t\t\t\t\t\t\t\t\t\t\t\t\t\t\t\t\t\t\t\t\t\t\t\t\t\t\t\t\t\t\t\t\t\t\t\t\t\t\t\t\t\t\t\t\t\t\t\t\t\t<\/ul>\n\t<\/div>\n\t<div class=\"fusion-post-content-wrapper\" style=\"padding:30px 25px 0px 30px;\"><div class=\"fusion-post-content post-content\"><h2 class=\"blog-shortcode-post-title entry-title\"><a href=\"https:\/\/celebikurye.com\/tr\/istanbul-kurye-ilceleri\/catalca-da-kurye\/\">\u00c7atalca da Kurye<\/a><\/h2><div class=\"fusion-post-content-container\"><p>\u00c7atalca da Kurye, g\u00fcmr\u00fckleme sahalar\u0131 ve tekstil fabrikalar\u0131 ile y\u00fckselen bir trafi\u011fe sahiptir. Kuzey Marmara Otoyolu ile i\u015flerde art\u0131\u015f g\u00f6r\u00fclmektedir.<\/p><\/div><\/div><\/div><div class=\"fusion-clearfix\"><\/div><\/div>\n<\/article>\n<article id=\"blog-1-post-2408\" class=\"fusion-post-grid post-2408 post type-post status-publish format-standard has-post-thumbnail hentry category-istanbul-kurye-ilceleri tag-cevizlibag-kurye tag-maltepe-kurye tag-seyitnizam-kurye tag-veliefendi-kurye tag-zeyport-kurye tag-zeytinburnu-kurye\">\n<div class=\"fusion-post-wrapper\" style=\"background-color:rgba(255,255,255,0);border:none;\">\n\n\t\t\t<div class=\"fusion-flexslider flexslider fusion-flexslider-loading fusion-post-slideshow\" style=\"border-color:rgba(255,255,255,0);\">\n\t\t<ul class=\"slides\">\n\t\t\t\n\t\t\t\t\t\t\t\t\t\t\t\t\t\t<li><div  class=\"fusion-image-wrapper\" aria-haspopup=\"true\">\n\t\t\t\t<img decoding=\"async\" width=\"800\" height=\"500\" src=\"https:\/\/celebikurye.com\/tr\/wp-content\/uploads\/2022\/08\/zeytinburnu-kurye-cagir-1.jpg\" class=\"attachment-full size-full lazyload wp-post-image\" alt=\"\" srcset=\"data:image\/svg+xml,%3Csvg%20xmlns%3D%27http%3A%2F%2Fwww.w3.org%2F2000%2Fsvg%27%20width%3D%27800%27%20height%3D%27500%27%20viewBox%3D%270%200%20800%20500%27%3E%3Crect%20width%3D%27800%27%20height%3D%27500%27%20fill-opacity%3D%220%22%2F%3E%3C%2Fsvg%3E\" data-orig-src=\"https:\/\/celebikurye.com\/tr\/wp-content\/uploads\/2022\/08\/zeytinburnu-kurye-cagir-1.jpg\" data-srcset=\"https:\/\/celebikurye.com\/tr\/wp-content\/uploads\/2022\/08\/zeytinburnu-kurye-cagir-1-200x125.jpg 200w, https:\/\/celebikurye.com\/tr\/wp-content\/uploads\/2022\/08\/zeytinburnu-kurye-cagir-1-400x250.jpg 400w, https:\/\/celebikurye.com\/tr\/wp-content\/uploads\/2022\/08\/zeytinburnu-kurye-cagir-1-600x375.jpg 600w, https:\/\/celebikurye.com\/tr\/wp-content\/uploads\/2022\/08\/zeytinburnu-kurye-cagir-1.jpg 800w\" data-sizes=\"auto\" \/><div class=\"fusion-rollover\">\n\t<div class=\"fusion-rollover-content\">\n\n\t\t\t\t\n\t\t\n\t\t\t\t\t\t\t\t\n\t\t\t\t\t\t\t\t\n\t\t\n\t\t\t\t\t\t<a class=\"fusion-link-wrapper\" href=\"https:\/\/celebikurye.com\/tr\/istanbul-kurye-ilceleri\/zeytinburnunda-kurye\/\" aria-label=\"Zeytinburnunda Kurye\"><\/a>\n\t<\/div>\n<\/div>\n<\/div>\n<\/li>\n\t\t\t\n\t\t\t\n\t\t\t\t\t\t\t\t\t\t\t\t\t\t\t\t\t\t\t\t\t\t\t\t\t\t\t\t\t\t\t\t\t\t\t\t\t\t\t\t\t\t\t\t\t\t\t\t\t\t\t\t\t\t\t\t\t\t\t\t\t\t\t\t\t\t\t\t<\/ul>\n\t<\/div>\n\t<div class=\"fusion-post-content-wrapper\" style=\"padding:30px 25px 0px 30px;\"><div class=\"fusion-post-content post-content\"><h2 class=\"blog-shortcode-post-title entry-title\"><a href=\"https:\/\/celebikurye.com\/tr\/istanbul-kurye-ilceleri\/zeytinburnunda-kurye\/\">Zeytinburnunda Kurye<\/a><\/h2><div class=\"fusion-post-content-container\"><p>Zeytinburnunda Kurye, \u015fehrin surlar\u0131n\u0131n yan\u0131 ba\u015f\u0131nda \u00f6zellikle tekstil piyasas\u0131n\u0131n merkezi olan bir il\u00e7edir. Kalabal\u0131k yerle\u015fimi ve sanayi siteleri ile kalabal\u0131k il\u00e7elerdendir. Kurye ihtiyac\u0131n\u0131n her daim bulundu\u011fu trafi\u011fin yo\u011fun oldu\u011fu bir b\u00f6lgedir.<\/p><\/div><\/div><\/div><div class=\"fusion-clearfix\"><\/div><\/div>\n<\/article>\n<article id=\"blog-1-post-2404\" class=\"fusion-post-grid post-2404 post type-post status-publish format-standard has-post-thumbnail hentry category-istanbul-kurye-ilceleri tag-buyukcekmece-de-kurye tag-celaliye-de-kurye tag-kamiloba-da-kurye tag-kumburgaz-da-kurye tag-muratbey-de-kurye tag-tuyap-ta-kurye\">\n<div class=\"fusion-post-wrapper\" style=\"background-color:rgba(255,255,255,0);border:none;\">\n\n\t\t\t<div class=\"fusion-flexslider flexslider fusion-flexslider-loading fusion-post-slideshow\" style=\"border-color:rgba(255,255,255,0);\">\n\t\t<ul class=\"slides\">\n\t\t\t\n\t\t\t\t\t\t\t\t\t\t\t\t\t\t<li><div  class=\"fusion-image-wrapper\" aria-haspopup=\"true\">\n\t\t\t\t<img decoding=\"async\" width=\"800\" height=\"500\" src=\"https:\/\/celebikurye.com\/tr\/wp-content\/uploads\/2022\/08\/buyukcekmece_de-kurye-cagir.jpg\" class=\"attachment-full size-full lazyload wp-post-image\" alt=\"\" srcset=\"data:image\/svg+xml,%3Csvg%20xmlns%3D%27http%3A%2F%2Fwww.w3.org%2F2000%2Fsvg%27%20width%3D%27800%27%20height%3D%27500%27%20viewBox%3D%270%200%20800%20500%27%3E%3Crect%20width%3D%27800%27%20height%3D%27500%27%20fill-opacity%3D%220%22%2F%3E%3C%2Fsvg%3E\" data-orig-src=\"https:\/\/celebikurye.com\/tr\/wp-content\/uploads\/2022\/08\/buyukcekmece_de-kurye-cagir.jpg\" data-srcset=\"https:\/\/celebikurye.com\/tr\/wp-content\/uploads\/2022\/08\/buyukcekmece_de-kurye-cagir-200x125.jpg 200w, https:\/\/celebikurye.com\/tr\/wp-content\/uploads\/2022\/08\/buyukcekmece_de-kurye-cagir-400x250.jpg 400w, https:\/\/celebikurye.com\/tr\/wp-content\/uploads\/2022\/08\/buyukcekmece_de-kurye-cagir-600x375.jpg 600w, https:\/\/celebikurye.com\/tr\/wp-content\/uploads\/2022\/08\/buyukcekmece_de-kurye-cagir.jpg 800w\" data-sizes=\"auto\" \/><div class=\"fusion-rollover\">\n\t<div class=\"fusion-rollover-content\">\n\n\t\t\t\t\n\t\t\n\t\t\t\t\t\t\t\t\n\t\t\t\t\t\t\t\t\n\t\t\n\t\t\t\t\t\t<a class=\"fusion-link-wrapper\" href=\"https:\/\/celebikurye.com\/tr\/istanbul-kurye-ilceleri\/buyukcekmece-de-kurye\/\" aria-label=\"B\u00fcy\u00fck\u00e7ekmece de kurye\"><\/a>\n\t<\/div>\n<\/div>\n<\/div>\n<\/li>\n\t\t\t\n\t\t\t\n\t\t\t\t\t\t\t\t\t\t\t\t\t\t\t\t\t\t\t\t\t\t\t\t\t\t\t\t\t\t\t\t\t\t\t\t\t\t\t\t\t\t\t\t\t\t\t\t\t\t\t\t\t\t\t\t\t\t\t\t\t\t\t\t\t\t\t\t<\/ul>\n\t<\/div>\n\t<div class=\"fusion-post-content-wrapper\" style=\"padding:30px 25px 0px 30px;\"><div class=\"fusion-post-content post-content\"><h2 class=\"blog-shortcode-post-title entry-title\"><a href=\"https:\/\/celebikurye.com\/tr\/istanbul-kurye-ilceleri\/buyukcekmece-de-kurye\/\">B\u00fcy\u00fck\u00e7ekmece de kurye<\/a><\/h2><div class=\"fusion-post-content-container\"><p>B\u00fcy\u00fck\u00e7ekmece Kurye, \u0130stanbul' da kalabal\u0131\u011f\u0131n sakinle\u015fti\u011fi bir il\u00e7edir. \u00d6zellikle sahil ve sayfiye yeri olmas\u0131 sebebiyle yaz mevsiminde n\u00fcfus artmaktad\u0131r. \u015eehrin tamam\u0131nda kurye g\u00f6nderileri azal\u0131rken B\u00fcy\u00fck\u00e7ekmece ve mahallelerinde kurye g\u00f6nderimi artmaktad\u0131r.<\/p><\/div><\/div><\/div><div class=\"fusion-clearfix\"><\/div><\/div>\n<\/article>\n<article id=\"blog-1-post-2400\" class=\"fusion-post-grid post-2400 post type-post status-publish format-standard has-post-thumbnail hentry category-istanbul-kurye-ilceleri tag-atalar-da-kurye tag-cevizli-de-kurye tag-expres-kurye tag-kartal-da-kurye tag-ugur-mumcu-kurye tag-yakacik-ta-kurye\">\n<div class=\"fusion-post-wrapper\" style=\"background-color:rgba(255,255,255,0);border:none;\">\n\n\t\t\t<div class=\"fusion-flexslider flexslider fusion-flexslider-loading fusion-post-slideshow\" style=\"border-color:rgba(255,255,255,0);\">\n\t\t<ul class=\"slides\">\n\t\t\t\n\t\t\t\t\t\t\t\t\t\t\t\t\t\t<li><div  class=\"fusion-image-wrapper\" aria-haspopup=\"true\">\n\t\t\t\t<img decoding=\"async\" width=\"800\" height=\"500\" src=\"https:\/\/celebikurye.com\/tr\/wp-content\/uploads\/2022\/08\/kartal-da-kurye-cagir.jpg\" class=\"attachment-full size-full lazyload wp-post-image\" alt=\"\" srcset=\"data:image\/svg+xml,%3Csvg%20xmlns%3D%27http%3A%2F%2Fwww.w3.org%2F2000%2Fsvg%27%20width%3D%27800%27%20height%3D%27500%27%20viewBox%3D%270%200%20800%20500%27%3E%3Crect%20width%3D%27800%27%20height%3D%27500%27%20fill-opacity%3D%220%22%2F%3E%3C%2Fsvg%3E\" data-orig-src=\"https:\/\/celebikurye.com\/tr\/wp-content\/uploads\/2022\/08\/kartal-da-kurye-cagir.jpg\" data-srcset=\"https:\/\/celebikurye.com\/tr\/wp-content\/uploads\/2022\/08\/kartal-da-kurye-cagir-200x125.jpg 200w, https:\/\/celebikurye.com\/tr\/wp-content\/uploads\/2022\/08\/kartal-da-kurye-cagir-400x250.jpg 400w, https:\/\/celebikurye.com\/tr\/wp-content\/uploads\/2022\/08\/kartal-da-kurye-cagir-600x375.jpg 600w, https:\/\/celebikurye.com\/tr\/wp-content\/uploads\/2022\/08\/kartal-da-kurye-cagir.jpg 800w\" data-sizes=\"auto\" \/><div class=\"fusion-rollover\">\n\t<div class=\"fusion-rollover-content\">\n\n\t\t\t\t\n\t\t\n\t\t\t\t\t\t\t\t\n\t\t\t\t\t\t\t\t\n\t\t\n\t\t\t\t\t\t<a class=\"fusion-link-wrapper\" href=\"https:\/\/celebikurye.com\/tr\/istanbul-kurye-ilceleri\/kartal-da-kurye\/\" aria-label=\"Kartal da kurye\"><\/a>\n\t<\/div>\n<\/div>\n<\/div>\n<\/li>\n\t\t\t\n\t\t\t\n\t\t\t\t\t\t\t\t\t\t\t\t\t\t\t\t\t\t\t\t\t\t\t\t\t\t\t\t\t\t\t\t\t\t\t\t\t\t\t\t\t\t\t\t\t\t\t\t\t\t\t\t\t\t\t\t\t\t\t\t\t\t\t\t\t\t\t\t<\/ul>\n\t<\/div>\n\t<div class=\"fusion-post-content-wrapper\" style=\"padding:30px 25px 0px 30px;\"><div class=\"fusion-post-content post-content\"><h2 class=\"blog-shortcode-post-title entry-title\"><a href=\"https:\/\/celebikurye.com\/tr\/istanbul-kurye-ilceleri\/kartal-da-kurye\/\">Kartal da kurye<\/a><\/h2><div class=\"fusion-post-content-container\"><p>Kartal \u0130stanbul' un do\u011fusunda Anadolu yakas\u0131nda bulunmaktad\u0131r. Maltepe, Sancaktepe, Sultanbeyli ve Pendik il\u00e7eleri ile kom\u015fu konumdad\u0131r. \u00d6zellikle kuzey b\u00f6lgelerde bulunan sanayile\u015fmenin olu\u015fturdu\u011fu yerle\u015fimle kalabal\u0131kla\u015fm\u0131\u015ft\u0131r.<\/p><\/div><\/div><\/div><div class=\"fusion-clearfix\"><\/div><\/div>\n<\/article>\n<div class=\"fusion-clearfix\"><\/div><\/div><div class=\"pagination clearfix\"><span class=\"current\">1<\/span><a href=\"https:\/\/celebikurye.com\/tr\/wp-json\/wp\/v2\/pages\/46\/page\/2\/\" class=\"inactive\">2<\/a><a class=\"pagination-next\" rel=\"next\" href=\"https:\/\/celebikurye.com\/tr\/wp-json\/wp\/v2\/pages\/46\/page\/2\/\"><span class=\"page-text\">Sonraki<\/span><span class=\"page-next\"><\/span><\/a><\/div><div class=\"fusion-clearfix\"><\/div><\/div><\/div><\/div><div class=\"fusion-layout-column fusion_builder_column fusion-builder-column-1 fusion_builder_column_1_4 1_4 fusion-flex-column\" style=\"--awb-bg-size:cover;--awb-width-large:25%;--awb-margin-top-large:20px;--awb-spacing-right-large:7.68%;--awb-margin-bottom-large:0px;--awb-spacing-left-large:7.68%;--awb-width-medium:25%;--awb-order-medium:0;--awb-spacing-right-medium:7.68%;--awb-spacing-left-medium:7.68%;--awb-width-small:100%;--awb-order-small:0;--awb-spacing-right-small:1.92%;--awb-spacing-left-small:1.92%;\"><div class=\"fusion-column-wrapper fusion-column-has-shadow fusion-flex-justify-content-flex-start fusion-content-layout-column\"><div class=\"fusion-widget-area awb-widget-area-element fusion-widget-area-1 fusion-content-widget-area\" style=\"--awb-title-size:24px;--awb-title-color:var(--awb-custom1);--awb-padding:0px 0px 0px 0px;\">\n\t\t<section id=\"recent-posts-2\" class=\"widget widget_recent_entries\" style=\"border-style: solid;border-color:transparent;border-width:0px;\">\n\t\t<div class=\"heading\"><h4 class=\"widget-title\">Son Yaz\u0131lar<\/h4><\/div>\n\t\t<ul>\n\t\t\t\t\t\t\t\t\t\t\t<li>\n\t\t\t\t\t<a href=\"https:\/\/celebikurye.com\/tr\/istanbul-kurye-ilceleri\/eyup-sultan-istanbul-un-eski-merkezidir\/\">Ey\u00fcp Sultan \u0130stanbul&#8217; un eski merkezidir.<\/a>\n\t\t\t\t\t\t\t\t\t<\/li>\n\t\t\t\t\t\t\t\t\t\t\t<li>\n\t\t\t\t\t<a href=\"https:\/\/celebikurye.com\/tr\/istanbul-kurye-ilceleri\/sancaktepe-den-kurye-cagirmak-istermisiniz\/\">Sancaktepe&#8217;den kurye \u00e7a\u011f\u0131rmak istermisiniz?<\/a>\n\t\t\t\t\t\t\t\t\t<\/li>\n\t\t\t\t\t\t\t\t\t\t\t<li>\n\t\t\t\t\t<a href=\"https:\/\/celebikurye.com\/tr\/istanbul-kurye-ilceleri\/pendik-te-kurye\/\">Pendik te kurye<\/a>\n\t\t\t\t\t\t\t\t\t<\/li>\n\t\t\t\t\t\t\t\t\t\t\t<li>\n\t\t\t\t\t<a href=\"https:\/\/celebikurye.com\/tr\/istanbul-kurye-ilceleri\/cekmekoy-den-kurye-cagirabilirsiniz\/\">\u00c7ekmek\u00f6y den kurye \u00e7a\u011f\u0131rabilirsiniz<\/a>\n\t\t\t\t\t\t\t\t\t<\/li>\n\t\t\t\t\t\t\t\t\t\t\t<li>\n\t\t\t\t\t<a href=\"https:\/\/celebikurye.com\/tr\/istanbul-kurye-ilceleri\/esenlere-kurye-gonderisi\/\">Esenlere kurye g\u00f6nderisi yap\u0131l\u0131r<\/a>\n\t\t\t\t\t\t\t\t\t<\/li>\n\t\t\t\t\t\t\t\t\t\t\t<li>\n\t\t\t\t\t<a href=\"https:\/\/celebikurye.com\/tr\/istanbul-kurye-ilceleri\/umraniye-de-kurye\/\">\u00dcmraniye de Kurye<\/a>\n\t\t\t\t\t\t\t\t\t<\/li>\n\t\t\t\t\t\t\t\t\t\t\t<li>\n\t\t\t\t\t<a href=\"https:\/\/celebikurye.com\/tr\/istanbul-kurye-ilceleri\/beykoz-da-kurye\/\">Beykoz da Kurye<\/a>\n\t\t\t\t\t\t\t\t\t<\/li>\n\t\t\t\t\t\t\t\t\t\t\t<li>\n\t\t\t\t\t<a href=\"https:\/\/celebikurye.com\/tr\/istanbul-kurye-ilceleri\/gungoren-de-kurye\/\">G\u00fcng\u00f6ren de Kurye<\/a>\n\t\t\t\t\t\t\t\t\t<\/li>\n\t\t\t\t\t\t\t\t\t\t\t<li>\n\t\t\t\t\t<a href=\"https:\/\/celebikurye.com\/tr\/istanbul-kurye-ilceleri\/catalca-da-kurye\/\">\u00c7atalca da Kurye<\/a>\n\t\t\t\t\t\t\t\t\t<\/li>\n\t\t\t\t\t\t\t\t\t\t\t<li>\n\t\t\t\t\t<a href=\"https:\/\/celebikurye.com\/tr\/istanbul-kurye-ilceleri\/zeytinburnunda-kurye\/\">Zeytinburnunda Kurye<\/a>\n\t\t\t\t\t\t\t\t\t<\/li>\n\t\t\t\t\t<\/ul>\n\n\t\t<\/section><section id=\"categories-2\" class=\"widget widget_categories\"><div class=\"heading\"><h4 class=\"widget-title\">Kategoriler<\/h4><\/div>\n\t\t\t<ul>\n\t\t\t\t\t<li class=\"cat-item cat-item-28\"><a href=\"https:\/\/celebikurye.com\/tr\/kategori\/istanbul-kurye-ilceleri\/bolgeler\/\">B\u00f6lgeler<\/a>\n<\/li>\n\t<li class=\"cat-item cat-item-1\"><a href=\"https:\/\/celebikurye.com\/tr\/kategori\/genel\/\">Genel<\/a>\n<\/li>\n\t<li class=\"cat-item cat-item-43\"><a href=\"https:\/\/celebikurye.com\/tr\/kategori\/hava-sartlari\/\">Hava \u015fartlar\u0131<\/a>\n<\/li>\n\t<li class=\"cat-item cat-item-9\"><a href=\"https:\/\/celebikurye.com\/tr\/kategori\/istanbul-kurye-ilceleri\/\">\u0130l\u00e7eler<\/a>\n<\/li>\n\t\t\t<\/ul>\n\n\t\t\t<\/section><section id=\"archives-2\" class=\"widget widget_archive\"><div class=\"heading\"><h4 class=\"widget-title\">Ar\u015fivler<\/h4><\/div>\n\t\t\t<ul>\n\t\t\t\t\t<li><a href='https:\/\/celebikurye.com\/tr\/2022\/09\/'>Eyl\u00fcl 2022<\/a><\/li>\n\t<li><a href='https:\/\/celebikurye.com\/tr\/2022\/08\/'>A\u011fustos 2022<\/a><\/li>\n\t<li><a href='https:\/\/celebikurye.com\/tr\/2022\/07\/'>Temmuz 2022<\/a><\/li>\n\t<li><a href='https:\/\/celebikurye.com\/tr\/2022\/06\/'>Haziran 2022<\/a><\/li>\n\t<li><a href='https:\/\/celebikurye.com\/tr\/2022\/05\/'>May\u0131s 2022<\/a><\/li>\n\t<li><a href='https:\/\/celebikurye.com\/tr\/2022\/04\/'>Nisan 2022<\/a><\/li>\n\t<li><a href='https:\/\/celebikurye.com\/tr\/2022\/03\/'>Mart 2022<\/a><\/li>\n\t<li><a href='https:\/\/celebikurye.com\/tr\/2020\/09\/'>Eyl\u00fcl 2020<\/a><\/li>\n\t\t\t<\/ul>\n\n\t\t\t<\/section><section id=\"tag_cloud-2\" class=\"widget widget_tag_cloud\" style=\"border-style: solid;border-color:transparent;border-width:0px;\"><div class=\"heading\"><h4 class=\"widget-title\">Etiketler<\/h4><\/div><div class=\"tagcloud\"><a href=\"https:\/\/celebikurye.com\/tr\/etiket\/altunizade-de-kurye\/\" class=\"tag-cloud-link tag-link-32 tag-link-position-1\" aria-label=\"Altunizade de Kurye (2 \u00f6ge)\">Altunizade de Kurye<\/a>\n<a href=\"https:\/\/celebikurye.com\/tr\/etiket\/arabali-kurye\/\" class=\"tag-cloud-link tag-link-82 tag-link-position-2\" aria-label=\"Arabal\u0131 Kurye (2 \u00f6ge)\">Arabal\u0131 Kurye<\/a>\n<a href=\"https:\/\/celebikurye.com\/tr\/etiket\/avcilar-da-kurye-hizmeti\/\" class=\"tag-cloud-link tag-link-59 tag-link-position-3\" aria-label=\"Avc\u0131lar da kurye hizmeti (1 \u00f6ge)\">Avc\u0131lar da kurye hizmeti<\/a>\n<a href=\"https:\/\/celebikurye.com\/tr\/etiket\/avcilar-kurye\/\" class=\"tag-cloud-link tag-link-58 tag-link-position-4\" aria-label=\"avc\u0131lar kurye (1 \u00f6ge)\">avc\u0131lar kurye<\/a>\n<a href=\"https:\/\/celebikurye.com\/tr\/etiket\/bahariye-caddesi-kurye\/\" class=\"tag-cloud-link tag-link-51 tag-link-position-5\" aria-label=\"Bahariye caddesi kurye (1 \u00f6ge)\">Bahariye caddesi kurye<\/a>\n<a href=\"https:\/\/celebikurye.com\/tr\/etiket\/bayezit-kurye\/\" class=\"tag-cloud-link tag-link-55 tag-link-position-6\" aria-label=\"bayez\u0131t kurye (1 \u00f6ge)\">bayez\u0131t kurye<\/a>\n<a href=\"https:\/\/celebikurye.com\/tr\/etiket\/bayrampasa-kurye\/\" class=\"tag-cloud-link tag-link-62 tag-link-position-7\" aria-label=\"Bayrampa\u015fa kurye (2 \u00f6ge)\">Bayrampa\u015fa kurye<\/a>\n<a href=\"https:\/\/celebikurye.com\/tr\/etiket\/bagdat-caddesi-kurye\/\" class=\"tag-cloud-link tag-link-52 tag-link-position-8\" aria-label=\"Ba\u011fdat caddesi Kurye (1 \u00f6ge)\">Ba\u011fdat caddesi Kurye<\/a>\n<a href=\"https:\/\/celebikurye.com\/tr\/etiket\/basaksehir-kurye\/\" class=\"tag-cloud-link tag-link-42 tag-link-position-9\" aria-label=\"ba\u015fak\u015fehir kurye (3 \u00f6ge)\">ba\u015fak\u015fehir kurye<\/a>\n<a href=\"https:\/\/celebikurye.com\/tr\/etiket\/beykoz-kurye\/\" class=\"tag-cloud-link tag-link-166 tag-link-position-10\" aria-label=\"Beykoz kurye (2 \u00f6ge)\">Beykoz kurye<\/a>\n<a href=\"https:\/\/celebikurye.com\/tr\/etiket\/beylikduzu-kurye-hizmeti\/\" class=\"tag-cloud-link tag-link-40 tag-link-position-11\" aria-label=\"Beylikd\u00fcz\u00fc kurye hizmeti (2 \u00f6ge)\">Beylikd\u00fcz\u00fc kurye hizmeti<\/a>\n<a href=\"https:\/\/celebikurye.com\/tr\/etiket\/beyoglu-kurye-hizmeti\/\" class=\"tag-cloud-link tag-link-46 tag-link-position-12\" aria-label=\"Beyo\u011flu Kurye Hizmeti (1 \u00f6ge)\">Beyo\u011flu Kurye Hizmeti<\/a>\n<a href=\"https:\/\/celebikurye.com\/tr\/etiket\/bostanci-kurye\/\" class=\"tag-cloud-link tag-link-71 tag-link-position-13\" aria-label=\"bostanc\u0131 kurye (1 \u00f6ge)\">bostanc\u0131 kurye<\/a>\n<a href=\"https:\/\/celebikurye.com\/tr\/etiket\/cagaloglu-kurye\/\" class=\"tag-cloud-link tag-link-54 tag-link-position-14\" aria-label=\"ca\u011falo\u011flu kurye (1 \u00f6ge)\">ca\u011falo\u011flu kurye<\/a>\n<a href=\"https:\/\/celebikurye.com\/tr\/etiket\/eminonu-kurye\/\" class=\"tag-cloud-link tag-link-56 tag-link-position-15\" aria-label=\"emin\u00f6n\u00fc kurye (1 \u00f6ge)\">emin\u00f6n\u00fc kurye<\/a>\n<a href=\"https:\/\/celebikurye.com\/tr\/etiket\/esenler-kurye\/\" class=\"tag-cloud-link tag-link-64 tag-link-position-16\" aria-label=\"Esenler kurye (2 \u00f6ge)\">Esenler kurye<\/a>\n<a href=\"https:\/\/celebikurye.com\/tr\/etiket\/esenyurt-ta-kurye-servisi\/\" class=\"tag-cloud-link tag-link-57 tag-link-position-17\" aria-label=\"Esenyurt ta kurye servisi (1 \u00f6ge)\">Esenyurt ta kurye servisi<\/a>\n<a href=\"https:\/\/celebikurye.com\/tr\/etiket\/expres-kurye\/\" class=\"tag-cloud-link tag-link-100 tag-link-position-18\" aria-label=\"expres kurye (3 \u00f6ge)\">expres kurye<\/a>\n<a href=\"https:\/\/celebikurye.com\/tr\/etiket\/fatih-te-kurye\/\" class=\"tag-cloud-link tag-link-53 tag-link-position-19\" aria-label=\"Fatih te kurye (1 \u00f6ge)\">Fatih te kurye<\/a>\n<a href=\"https:\/\/celebikurye.com\/tr\/etiket\/gaziosmanpasa-kurye\/\" class=\"tag-cloud-link tag-link-65 tag-link-position-20\" aria-label=\"Gaziosmanpa\u015fa kurye (2 \u00f6ge)\">Gaziosmanpa\u015fa kurye<\/a>\n<a href=\"https:\/\/celebikurye.com\/tr\/etiket\/goztepe-kurye\/\" class=\"tag-cloud-link tag-link-70 tag-link-position-21\" aria-label=\"G\u00f6ztepe kurye (1 \u00f6ge)\">G\u00f6ztepe kurye<\/a>\n<a href=\"https:\/\/celebikurye.com\/tr\/etiket\/hadimkoy-de-kurye\/\" class=\"tag-cloud-link tag-link-29 tag-link-position-22\" aria-label=\"Had\u0131mk\u00f6y de Kurye (1 \u00f6ge)\">Had\u0131mk\u00f6y de Kurye<\/a>\n<a href=\"https:\/\/celebikurye.com\/tr\/etiket\/haramirede-kurye\/\" class=\"tag-cloud-link tag-link-61 tag-link-position-23\" aria-label=\"Haramirede kurye (1 \u00f6ge)\">Haramirede kurye<\/a>\n<a href=\"https:\/\/celebikurye.com\/tr\/etiket\/hava-sartlari\/\" class=\"tag-cloud-link tag-link-44 tag-link-position-24\" aria-label=\"Hava \u015fartlar\u0131 (1 \u00f6ge)\">Hava \u015fartlar\u0131<\/a>\n<a href=\"https:\/\/celebikurye.com\/tr\/etiket\/kadikoy-de-kurye\/\" class=\"tag-cloud-link tag-link-47 tag-link-position-25\" aria-label=\"Kad\u0131k\u00f6y de Kurye (1 \u00f6ge)\">Kad\u0131k\u00f6y de Kurye<\/a>\n<a href=\"https:\/\/celebikurye.com\/tr\/etiket\/kadikoy-kurye\/\" class=\"tag-cloud-link tag-link-66 tag-link-position-26\" aria-label=\"Kad\u0131k\u00f6y kurye (2 \u00f6ge)\">Kad\u0131k\u00f6y kurye<\/a>\n<a href=\"https:\/\/celebikurye.com\/tr\/etiket\/kartal-da-kurye\/\" class=\"tag-cloud-link tag-link-106 tag-link-position-27\" aria-label=\"Kartal da kurye (2 \u00f6ge)\">Kartal da kurye<\/a>\n<a href=\"https:\/\/celebikurye.com\/tr\/etiket\/kozyatagi-kurye\/\" class=\"tag-cloud-link tag-link-48 tag-link-position-28\" aria-label=\"Kozyata\u011f\u0131 kurye (1 \u00f6ge)\">Kozyata\u011f\u0131 kurye<\/a>\n<a href=\"https:\/\/celebikurye.com\/tr\/etiket\/kurye\/\" class=\"tag-cloud-link tag-link-26 tag-link-position-29\" aria-label=\"Kurye (1 \u00f6ge)\">Kurye<\/a>\n<a href=\"https:\/\/celebikurye.com\/tr\/etiket\/kucukcekmece-kurye\/\" class=\"tag-cloud-link tag-link-60 tag-link-position-30\" aria-label=\"K\u00fc\u00e7\u00fck\u00e7ekmece kurye (1 \u00f6ge)\">K\u00fc\u00e7\u00fck\u00e7ekmece kurye<\/a>\n<a href=\"https:\/\/celebikurye.com\/tr\/etiket\/kiziltoprak-kurye\/\" class=\"tag-cloud-link tag-link-49 tag-link-position-31\" aria-label=\"K\u0131z\u0131ltoprak kurye (1 \u00f6ge)\">K\u0131z\u0131ltoprak kurye<\/a>\n<a href=\"https:\/\/celebikurye.com\/tr\/etiket\/kis-mevsimi\/\" class=\"tag-cloud-link tag-link-45 tag-link-position-32\" aria-label=\"K\u0131\u015f mevsimi (1 \u00f6ge)\">K\u0131\u015f mevsimi<\/a>\n<a href=\"https:\/\/celebikurye.com\/tr\/etiket\/levent-kurye\/\" class=\"tag-cloud-link tag-link-69 tag-link-position-33\" aria-label=\"Levent kurye (2 \u00f6ge)\">Levent kurye<\/a>\n<a href=\"https:\/\/celebikurye.com\/tr\/etiket\/maslak-ta-kurye\/\" class=\"tag-cloud-link tag-link-30 tag-link-position-34\" aria-label=\"Maslak ta Kurye (1 \u00f6ge)\">Maslak ta Kurye<\/a>\n<a href=\"https:\/\/celebikurye.com\/tr\/etiket\/mecidiyekoy-de-kurye\/\" class=\"tag-cloud-link tag-link-31 tag-link-position-35\" aria-label=\"Mecidiyek\u00f6y de Kurye (1 \u00f6ge)\">Mecidiyek\u00f6y de Kurye<\/a>\n<a href=\"https:\/\/celebikurye.com\/tr\/etiket\/moda-da-kurye\/\" class=\"tag-cloud-link tag-link-50 tag-link-position-36\" aria-label=\"Moda da kurye (1 \u00f6ge)\">Moda da kurye<\/a>\n<a href=\"https:\/\/celebikurye.com\/tr\/etiket\/pendik-kurye\/\" class=\"tag-cloud-link tag-link-128 tag-link-position-37\" aria-label=\"Pendik Kurye (2 \u00f6ge)\">Pendik Kurye<\/a>\n<a href=\"https:\/\/celebikurye.com\/tr\/etiket\/sancaktepe-kurye\/\" class=\"tag-cloud-link tag-link-185 tag-link-position-38\" aria-label=\"Sancaktepe kurye (2 \u00f6ge)\">Sancaktepe kurye<\/a>\n<a href=\"https:\/\/celebikurye.com\/tr\/etiket\/yenibosna-da-kurye\/\" class=\"tag-cloud-link tag-link-33 tag-link-position-39\" aria-label=\"Yenibosna da kurye (1 \u00f6ge)\">Yenibosna da kurye<\/a>\n<a href=\"https:\/\/celebikurye.com\/tr\/etiket\/zeytinburnu-kurye\/\" class=\"tag-cloud-link tag-link-63 tag-link-position-40\" aria-label=\"Zeytinburnu kurye (2 \u00f6ge)\">Zeytinburnu kurye<\/a>\n<a href=\"https:\/\/celebikurye.com\/tr\/etiket\/zincirlikuyu-kurye\/\" class=\"tag-cloud-link tag-link-68 tag-link-position-41\" aria-label=\"Zincirlikuyu kurye (1 \u00f6ge)\">Zincirlikuyu kurye<\/a>\n<a href=\"https:\/\/celebikurye.com\/tr\/etiket\/camlik-kurye\/\" class=\"tag-cloud-link tag-link-136 tag-link-position-42\" aria-label=\"\u00c7aml\u0131k kurye (2 \u00f6ge)\">\u00c7aml\u0131k kurye<\/a>\n<a href=\"https:\/\/celebikurye.com\/tr\/etiket\/umraniye-kurye\/\" class=\"tag-cloud-link tag-link-160 tag-link-position-43\" aria-label=\"\u00dcmraniye Kurye (3 \u00f6ge)\">\u00dcmraniye Kurye<\/a>\n<a href=\"https:\/\/celebikurye.com\/tr\/etiket\/uskudar-kurye\/\" class=\"tag-cloud-link tag-link-67 tag-link-position-44\" aria-label=\"\u00dcsk\u00fcdar kurye (1 \u00f6ge)\">\u00dcsk\u00fcdar kurye<\/a>\n<a href=\"https:\/\/celebikurye.com\/tr\/etiket\/sile-kurye\/\" class=\"tag-cloud-link tag-link-167 tag-link-position-45\" aria-label=\"\u015eile kurye (2 \u00f6ge)\">\u015eile kurye<\/a><\/div>\n<\/section><div class=\"fusion-additional-widget-content\"><\/div><\/div><\/div><\/div><\/div><\/div>\n","protected":false},"excerpt":{"rendered":"","protected":false},"author":1,"featured_media":0,"parent":0,"menu_order":0,"comment_status":"closed","ping_status":"closed","template":"100-width.php","meta":{"footnotes":""},"class_list":["post-46","page","type-page","status-publish","hentry"],"yoast_head":"<!-- This site is optimized with the Yoast SEO plugin v27.3 - https:\/\/yoast.com\/product\/yoast-seo-wordpress\/ -->\n<title>Blog - \u00c7elebi Kurye - 0542 600 9876 - Zaman Kazand\u0131r\u0131r<\/title>\n<meta name=\"robots\" content=\"index, follow, max-snippet:-1, max-image-preview:large, max-video-preview:-1\" \/>\n<link rel=\"canonical\" href=\"https:\/\/celebikurye.com\/tr\/kurye-hakkinda-yazilar\/\" \/>\n<meta property=\"og:locale\" content=\"tr_TR\" \/>\n<meta property=\"og:type\" content=\"article\" \/>\n<meta property=\"og:title\" content=\"Blog - \u00c7elebi Kurye - 0542 600 9876 - Zaman Kazand\u0131r\u0131r\" \/>\n<meta property=\"og:url\" content=\"https:\/\/celebikurye.com\/tr\/kurye-hakkinda-yazilar\/\" \/>\n<meta property=\"og:site_name\" content=\"\u00c7elebi Kurye - 0542 600 9876 - Zaman Kazand\u0131r\u0131r\" \/>\n<meta property=\"article:modified_time\" content=\"2022-04-25T12:09:06+00:00\" \/>\n<meta name=\"twitter:card\" content=\"summary_large_image\" \/>\n<meta name=\"twitter:label1\" content=\"Tahmini okuma s\u00fcresi\" \/>\n\t<meta name=\"twitter:data1\" content=\"4 dakika\" \/>\n<script type=\"application\/ld+json\" class=\"yoast-schema-graph\">{\"@context\":\"https:\\\/\\\/schema.org\",\"@graph\":[{\"@type\":\"WebPage\",\"@id\":\"https:\\\/\\\/celebikurye.com\\\/tr\\\/kurye-hakkinda-yazilar\\\/\",\"url\":\"https:\\\/\\\/celebikurye.com\\\/tr\\\/kurye-hakkinda-yazilar\\\/\",\"name\":\"Blog - \u00c7elebi Kurye - 0542 600 9876 - Zaman Kazand\u0131r\u0131r\",\"isPartOf\":{\"@id\":\"https:\\\/\\\/celebikurye.com\\\/tr\\\/#website\"},\"datePublished\":\"2020-08-20T18:08:41+00:00\",\"dateModified\":\"2022-04-25T12:09:06+00:00\",\"breadcrumb\":{\"@id\":\"https:\\\/\\\/celebikurye.com\\\/tr\\\/kurye-hakkinda-yazilar\\\/#breadcrumb\"},\"inLanguage\":\"tr\",\"potentialAction\":[{\"@type\":\"ReadAction\",\"target\":[\"https:\\\/\\\/celebikurye.com\\\/tr\\\/kurye-hakkinda-yazilar\\\/\"]}]},{\"@type\":\"BreadcrumbList\",\"@id\":\"https:\\\/\\\/celebikurye.com\\\/tr\\\/kurye-hakkinda-yazilar\\\/#breadcrumb\",\"itemListElement\":[{\"@type\":\"ListItem\",\"position\":1,\"name\":\"Anasayfa\",\"item\":\"https:\\\/\\\/celebikurye.com\\\/tr\\\/\"},{\"@type\":\"ListItem\",\"position\":2,\"name\":\"Blog\"}]},{\"@type\":\"WebSite\",\"@id\":\"https:\\\/\\\/celebikurye.com\\\/tr\\\/#website\",\"url\":\"https:\\\/\\\/celebikurye.com\\\/tr\\\/\",\"name\":\"\u00c7elebi Kurye - 0542 600 9876 - Zaman Kazand\u0131r\u0131r\",\"description\":\"Zaman Kazand\u0131r\u0131r\",\"potentialAction\":[{\"@type\":\"SearchAction\",\"target\":{\"@type\":\"EntryPoint\",\"urlTemplate\":\"https:\\\/\\\/celebikurye.com\\\/tr\\\/?s={search_term_string}\"},\"query-input\":{\"@type\":\"PropertyValueSpecification\",\"valueRequired\":true,\"valueName\":\"search_term_string\"}}],\"inLanguage\":\"tr\"}]}<\/script>\n<!-- \/ Yoast SEO plugin. -->","yoast_head_json":{"title":"Blog - \u00c7elebi Kurye - 0542 600 9876 - Zaman Kazand\u0131r\u0131r","robots":{"index":"index","follow":"follow","max-snippet":"max-snippet:-1","max-image-preview":"max-image-preview:large","max-video-preview":"max-video-preview:-1"},"canonical":"https:\/\/celebikurye.com\/tr\/kurye-hakkinda-yazilar\/","og_locale":"tr_TR","og_type":"article","og_title":"Blog - \u00c7elebi Kurye - 0542 600 9876 - Zaman Kazand\u0131r\u0131r","og_url":"https:\/\/celebikurye.com\/tr\/kurye-hakkinda-yazilar\/","og_site_name":"\u00c7elebi Kurye - 0542 600 9876 - Zaman Kazand\u0131r\u0131r","article_modified_time":"2022-04-25T12:09:06+00:00","twitter_card":"summary_large_image","twitter_misc":{"Tahmini okuma s\u00fcresi":"4 dakika"},"schema":{"@context":"https:\/\/schema.org","@graph":[{"@type":"WebPage","@id":"https:\/\/celebikurye.com\/tr\/kurye-hakkinda-yazilar\/","url":"https:\/\/celebikurye.com\/tr\/kurye-hakkinda-yazilar\/","name":"Blog - \u00c7elebi Kurye - 0542 600 9876 - Zaman Kazand\u0131r\u0131r","isPartOf":{"@id":"https:\/\/celebikurye.com\/tr\/#website"},"datePublished":"2020-08-20T18:08:41+00:00","dateModified":"2022-04-25T12:09:06+00:00","breadcrumb":{"@id":"https:\/\/celebikurye.com\/tr\/kurye-hakkinda-yazilar\/#breadcrumb"},"inLanguage":"tr","potentialAction":[{"@type":"ReadAction","target":["https:\/\/celebikurye.com\/tr\/kurye-hakkinda-yazilar\/"]}]},{"@type":"BreadcrumbList","@id":"https:\/\/celebikurye.com\/tr\/kurye-hakkinda-yazilar\/#breadcrumb","itemListElement":[{"@type":"ListItem","position":1,"name":"Anasayfa","item":"https:\/\/celebikurye.com\/tr\/"},{"@type":"ListItem","position":2,"name":"Blog"}]},{"@type":"WebSite","@id":"https:\/\/celebikurye.com\/tr\/#website","url":"https:\/\/celebikurye.com\/tr\/","name":"\u00c7elebi Kurye - 0542 600 9876 - Zaman Kazand\u0131r\u0131r","description":"Zaman Kazand\u0131r\u0131r","potentialAction":[{"@type":"SearchAction","target":{"@type":"EntryPoint","urlTemplate":"https:\/\/celebikurye.com\/tr\/?s={search_term_string}"},"query-input":{"@type":"PropertyValueSpecification","valueRequired":true,"valueName":"search_term_string"}}],"inLanguage":"tr"}]}},"_links":{"self":[{"href":"https:\/\/celebikurye.com\/tr\/wp-json\/wp\/v2\/pages\/46","targetHints":{"allow":["GET"]}}],"collection":[{"href":"https:\/\/celebikurye.com\/tr\/wp-json\/wp\/v2\/pages"}],"about":[{"href":"https:\/\/celebikurye.com\/tr\/wp-json\/wp\/v2\/types\/page"}],"author":[{"embeddable":true,"href":"https:\/\/celebikurye.com\/tr\/wp-json\/wp\/v2\/users\/1"}],"replies":[{"embeddable":true,"href":"https:\/\/celebikurye.com\/tr\/wp-json\/wp\/v2\/comments?post=46"}],"version-history":[{"count":13,"href":"https:\/\/celebikurye.com\/tr\/wp-json\/wp\/v2\/pages\/46\/revisions"}],"predecessor-version":[{"id":2101,"href":"https:\/\/celebikurye.com\/tr\/wp-json\/wp\/v2\/pages\/46\/revisions\/2101"}],"wp:attachment":[{"href":"https:\/\/celebikurye.com\/tr\/wp-json\/wp\/v2\/media?parent=46"}],"curies":[{"name":"wp","href":"https:\/\/api.w.org\/{rel}","templated":true}]}}